{"id":446,"date":"2022-03-23T11:33:02","date_gmt":"2022-03-23T11:33:02","guid":{"rendered":"https:\/\/kunstimaltenweingut.de\/?post_type=cpt_portfolio&#038;p=446"},"modified":"2023-12-21T16:11:05","modified_gmt":"2023-12-21T15:11:05","slug":"tiergefaess-auf-raedern-stier","status":"publish","type":"cpt_portfolio","link":"https:\/\/kunstimaltenweingut.de\/en\/portfolio\/tiergefaess-auf-raedern-stier\/","title":{"rendered":"Tiergef\u00e4\u00df, Stier"},"content":{"rendered":"<div data-elementor-type=\"wp-post\" data-elementor-id=\"446\" class=\"elementor elementor-446\" data-elementor-post-type=\"cpt_portfolio\">\n\t\t\t\t\t\t<section class=\"elementor-section elementor-top-section elementor-element elementor-element-3ae5cb33 elementor-section-boxed elementor-section-height-default elementor-section-height-default\" data-id=\"3ae5cb33\" data-element_type=\"section\" data-e-type=\"section\">\n\t\t\t\t\t\t<div class=\"elementor-container elementor-column-gap-extended\">\n\t\t\t\t\t<div class=\"elementor-column elementor-col-100 elementor-top-column elementor-element elementor-element-723c4611 sc_inner_width_none sc_content_align_inherit sc_layouts_column_icons_position_left\" data-id=\"723c4611\" data-element_type=\"column\" data-e-type=\"column\">\n\t\t\t<div class=\"elementor-widget-wrap elementor-element-populated\">\n\t\t\t\t\t\t<div class=\"elementor-element elementor-element-4bde02e animation_type_block sc_fly_static elementor-widget elementor-widget-text-editor\" data-id=\"4bde02e\" data-element_type=\"widget\" data-e-type=\"widget\" data-widget_type=\"text-editor.default\">\n\t\t\t\t<div class=\"elementor-widget-container\">\n\t\t\t\t\t\t\t\t\t<p class=\"p1\">Rund 4000 Jahre alt ist dieses wunderbare Tiergef\u00e4\u00df in Form eines abstrahierten Stiers. Der relativ kleine Kopf ragt hoch empor. Er weist nach vorne gebogene H\u00f6rner, darunter liegende kleine Ohren, schwarz aufgemalte Augen und sogar N\u00fcstern auf. Durch seine Schnauze ist ein Eisenring gezogen, der den urspr\u00fcnglichen Bronzering ersetzt.<span class=\"Apple-converted-space\">\u00a0<\/span><\/p>\t\t\t\t\t\t\t\t<\/div>\n\t\t\t\t<\/div>\n\t\t\t\t<div class=\"elementor-element elementor-element-d4b79f9 animation_type_block sc_fly_static elementor-widget elementor-widget-spacer\" data-id=\"d4b79f9\" data-element_type=\"widget\" data-e-type=\"widget\" data-widget_type=\"spacer.default\">\n\t\t\t\t<div class=\"elementor-widget-container\">\n\t\t\t\t\t\t\t<div class=\"elementor-spacer\">\n\t\t\t<div class=\"elementor-spacer-inner\"><\/div>\n\t\t<\/div>\n\t\t\t\t\t\t<\/div>\n\t\t\t\t<\/div>\n\t\t\t\t<div class=\"elementor-element elementor-element-65174b26 animation_type_block sc_fly_static elementor-widget elementor-widget-text-editor\" data-id=\"65174b26\" data-element_type=\"widget\" data-e-type=\"widget\" data-widget_type=\"text-editor.default\">\n\t\t\t\t<div class=\"elementor-widget-container\">\n\t\t\t\t\t\t\t\t\t<p class=\"p1\">Ein langer Zylinder bildet den K\u00f6rper, Vorder- und Hinterbeine werden durch flache Quader angedeutet. Achsen mit R\u00e4dern ersetzen die Klauen. Sogar die Wamme, die Halsfalte des Stiers, ist angedeutet und hat eine \u00e4hnliche Form wie der Schwanz am Hinterteil. Eine zylindrische Einguss\u00f6ffnung am hinteren R\u00fccken betont den Gef\u00e4\u00dfcharakter der Plastik.<\/p><p class=\"p1\">Bis heute konnte nicht abschlie\u00dfend gekl\u00e4rt werden, welche Funktion solche Tiergef\u00e4\u00dfe auf R\u00e4dern in der Kultur der Syro-Hethiter hatten. Es wurde vermutet, dass es sich dabei um Spielzeuge handelte. Doch wahrscheinlicher ist, dass sie als luxuri\u00f6ses Tafelgeschirr dienten oder in h\u00e4uslichen kultischen Praktiken Verwendung fanden.<\/p><p class=\"p1\">\u00a0<\/p>\t\t\t\t\t\t\t\t<\/div>\n\t\t\t\t<\/div>\n\t\t\t\t<div class=\"elementor-element elementor-element-7d4b1559 animation_type_block sc_fly_static elementor-widget elementor-widget-spacer\" data-id=\"7d4b1559\" data-element_type=\"widget\" data-e-type=\"widget\" data-widget_type=\"spacer.default\">\n\t\t\t\t<div class=\"elementor-widget-container\">\n\t\t\t\t\t\t\t<div class=\"elementor-spacer\">\n\t\t\t<div class=\"elementor-spacer-inner\"><\/div>\n\t\t<\/div>\n\t\t\t\t\t\t<\/div>\n\t\t\t\t<\/div>\n\t\t\t\t<div class=\"elementor-element elementor-element-7db78ff animation_type_block sc_fly_static elementor-widget elementor-widget-trx_sc_title\" data-id=\"7db78ff\" data-element_type=\"widget\" data-e-type=\"widget\" data-widget_type=\"trx_sc_title.default\">\n\t\t\t\t<div class=\"elementor-widget-container\">\n\t\t\t\t\t<div id=\"trx_sc_title_1222302168\"\n\t\tclass=\"sc_title color_style_dark sc_title_decoration extra_vision\"><h4 class=\"sc_item_title sc_title_title sc_item_title_style_decoration sc_item_title_tag\"><span class=\"sc_item_title_text\">Zur\u00fcck zur \u00dcbersicht <\/span><\/h4><div id=\"sc_button_676743693\"\tclass=\"sc_item_button sc_button_wrap sc_item_button sc_item_button_simple sc_title_button\"><a href=\"https:\/\/kunstimaltenweingut.de\/en\/vorderasiatische-kunst\/\" class=\"sc_button sc_button_simple sc_button_size_normal sc_button_icon_left\"><span class=\"sc_button_text\"><span class=\"sc_button_title\">Exponate Vorderasiatische Kunst<\/span><\/span><!-- \/.sc_button_text --><\/a><!-- \/.sc_button --><\/div><!-- \/.sc_item_button --><\/div><!-- \/.sc_title -->\t\t\t\t<\/div>\n\t\t\t\t<\/div>\n\t\t\t\t\t<\/div>\n\t\t<\/div>\n\t\t\t\t\t<\/div>\n\t\t<\/section>\n\t\t\t\t<\/div>","protected":false},"excerpt":{"rendered":"<p>Vorderasiatische Kunst<\/p>","protected":false},"author":2,"featured_media":981,"comment_status":"closed","ping_status":"closed","template":"","cpt_portfolio_group":[86],"class_list":["post-446","cpt_portfolio","type-cpt_portfolio","status-publish","has-post-thumbnail","hentry","cpt_portfolio_group-vorderasien"],"jetpack_sharing_enabled":true,"ticketed":false,"_links":{"self":[{"href":"https:\/\/kunstimaltenweingut.de\/en\/wp-json\/wp\/v2\/cpt_portfolio\/446","targetHints":{"allow":["GET"]}}],"collection":[{"href":"https:\/\/kunstimaltenweingut.de\/en\/wp-json\/wp\/v2\/cpt_portfolio"}],"about":[{"href":"https:\/\/kunstimaltenweingut.de\/en\/wp-json\/wp\/v2\/types\/cpt_portfolio"}],"author":[{"embeddable":true,"href":"https:\/\/kunstimaltenweingut.de\/en\/wp-json\/wp\/v2\/users\/2"}],"replies":[{"embeddable":true,"href":"https:\/\/kunstimaltenweingut.de\/en\/wp-json\/wp\/v2\/comments?post=446"}],"version-history":[{"count":0,"href":"https:\/\/kunstimaltenweingut.de\/en\/wp-json\/wp\/v2\/cpt_portfolio\/446\/revisions"}],"wp:featuredmedia":[{"embeddable":true,"href":"https:\/\/kunstimaltenweingut.de\/en\/wp-json\/wp\/v2\/media\/981"}],"wp:attachment":[{"href":"https:\/\/kunstimaltenweingut.de\/en\/wp-json\/wp\/v2\/media?parent=446"}],"wp:term":[{"taxonomy":"cpt_portfolio_group","embeddable":true,"href":"https:\/\/kunstimaltenweingut.de\/en\/wp-json\/wp\/v2\/cpt_portfolio_group?post=446"}],"curies":[{"name":"wp","href":"https:\/\/api.w.org\/{rel}","templated":true}]}}